{"id":4096,"date":"2024-05-09T11:27:06","date_gmt":"2024-05-09T11:27:06","guid":{"rendered":"https:\/\/lavaresi.ch\/inscription-architectes\/"},"modified":"2025-11-06T13:37:48","modified_gmt":"2025-11-06T13:37:48","slug":"inscription-architectes","status":"publish","type":"page","link":"https:\/\/lavaresi.ch\/fr\/inscription-architectes\/","title":{"rendered":"Inscription Architectes"},"content":{"rendered":"\t\t<div data-elementor-type=\"wp-page\" data-elementor-id=\"4096\" class=\"elementor elementor-4096 elementor-2513\" data-elementor-post-type=\"page\">\n\t\t\t\t<div class=\"elementor-element elementor-element-2f628168 e-flex e-con-boxed e-con e-parent\" data-id=\"2f628168\" data-element_type=\"container\" data-settings=\"{&quot;background_background&quot;:&quot;gradient&quot;,&quot;shape_divider_bottom&quot;:&quot;waves&quot;}\">\n\t\t\t\t\t<div class=\"e-con-inner\">\n\t\t\t\t<div class=\"elementor-shape elementor-shape-bottom\" aria-hidden=\"true\" data-negative=\"false\">\n\t\t\t<svg xmlns=\"http:\/\/www.w3.org\/2000\/svg\" viewBox=\"0 0 1000 100\" preserveAspectRatio=\"none\">\n\t<path class=\"elementor-shape-fill\" d=\"M421.9,6.5c22.6-2.5,51.5,0.4,75.5,5.3c23.6,4.9,70.9,23.5,100.5,35.7c75.8,32.2,133.7,44.5,192.6,49.7\n\tc23.6,2.1,48.7,3.5,103.4-2.5c54.7-6,106.2-25.6,106.2-25.6V0H0v30.3c0,0,72,32.6,158.4,30.5c39.2-0.7,92.8-6.7,134-22.4\n\tc21.2-8.1,52.2-18.2,79.7-24.2C399.3,7.9,411.6,7.5,421.9,6.5z\"\/>\n<\/svg>\t\t<\/div>\n\t\t\t\t<div class=\"elementor-element elementor-element-22d8c0c1 elementor-widget elementor-widget-heading\" data-id=\"22d8c0c1\" data-element_type=\"widget\" data-widget_type=\"heading.default\">\n\t\t\t\t<div class=\"elementor-widget-container\">\n\t\t\t\t\t<h1 class=\"elementor-heading-title elementor-size-default\">Inscription Architectes<\/h1>\t\t\t\t<\/div>\n\t\t\t\t<\/div>\n\t\t\t\t\t<\/div>\n\t\t\t\t<\/div>\n\t\t<div class=\"elementor-element elementor-element-30dcb83d e-flex e-con-boxed e-con e-parent\" data-id=\"30dcb83d\" data-element_type=\"container\" data-settings=\"{&quot;background_background&quot;:&quot;classic&quot;}\">\n\t\t\t\t\t<div class=\"e-con-inner\">\n\t\t<div class=\"elementor-element elementor-element-449eaadf e-con-full e-flex e-con e-child\" data-id=\"449eaadf\" data-element_type=\"container\">\n\t\t<div class=\"elementor-element elementor-element-521ff01 e-flex e-con-boxed e-con e-child\" data-id=\"521ff01\" data-element_type=\"container\">\n\t\t\t\t\t<div class=\"e-con-inner\">\n\t\t\t\t<div class=\"elementor-element elementor-element-67bd4b8d elementor-widget elementor-widget-heading\" data-id=\"67bd4b8d\" data-element_type=\"widget\" data-widget_type=\"heading.default\">\n\t\t\t\t<div class=\"elementor-widget-container\">\n\t\t\t\t\t<p class=\"elementor-heading-title elementor-size-default\">Architecte<\/p>\t\t\t\t<\/div>\n\t\t\t\t<\/div>\n\t\t\t\t<div class=\"elementor-element elementor-element-fe6838d elementor-widget elementor-widget-text-editor\" data-id=\"fe6838d\" data-element_type=\"widget\" data-widget_type=\"text-editor.default\">\n\t\t\t\t<div class=\"elementor-widget-container\">\n\t\t\t\t\t\t\t\t\t<p>Vous \u00eates en train de planifier la construction d&rsquo;un immeuble d&rsquo;habitation ? Planifiez-vous la transformation d&rsquo;un immeuble d&rsquo;habitation plus ancien ? Vous pr\u00e9parez les documents d&rsquo;appel d&rsquo;offres ?    <\/p><p>Ou vous voulez tout simplement savoir pourquoi votre ma\u00eetre d&rsquo;ouvrage peut introduire une solution de lavage moderne et \u00e9cologique avec Lavaresi ?<\/p><p>Dans ce cas, nous serons ravis de nous entretenir avec vous.<\/p>\t\t\t\t\t\t\t\t<\/div>\n\t\t\t\t<\/div>\n\t\t\t\t<div class=\"elementor-element elementor-element-47d4e0d elementor-widget elementor-widget-shortcode\" data-id=\"47d4e0d\" data-element_type=\"widget\" data-widget_type=\"shortcode.default\">\n\t\t\t\t<div class=\"elementor-widget-container\">\n\t\t\t\t\t\t\t<div class=\"elementor-shortcode\"><\/div>\n\t\t\t\t\t\t<\/div>\n\t\t\t\t<\/div>\n\t\t\t\t\t<\/div>\n\t\t\t\t<\/div>\n\t\t\t\t<\/div>\n\t\t<div class=\"elementor-element elementor-element-77241254 e-con-full e-flex e-con e-child\" data-id=\"77241254\" data-element_type=\"container\">\n\t\t\t\t<div class=\"elementor-element elementor-element-4244dd6 elementor-widget elementor-widget-image\" data-id=\"4244dd6\" data-element_type=\"widget\" data-settings=\"{&quot;motion_fx_motion_fx_scrolling&quot;:&quot;yes&quot;,&quot;motion_fx_translateY_effect&quot;:&quot;yes&quot;,&quot;motion_fx_translateY_speed&quot;:{&quot;unit&quot;:&quot;px&quot;,&quot;size&quot;:&quot;1&quot;,&quot;sizes&quot;:[]},&quot;motion_fx_translateY_affectedRange&quot;:{&quot;unit&quot;:&quot;%&quot;,&quot;size&quot;:&quot;&quot;,&quot;sizes&quot;:{&quot;start&quot;:0,&quot;end&quot;:100}},&quot;motion_fx_devices&quot;:[&quot;desktop&quot;,&quot;tablet&quot;,&quot;mobile&quot;]}\" data-widget_type=\"image.default\">\n\t\t\t\t<div class=\"elementor-widget-container\">\n\t\t\t\t\t\t\t\t\t\t\t\t\t\t\t<img fetchpriority=\"high\" decoding=\"async\" width=\"1000\" height=\"667\" src=\"https:\/\/lavaresi.ch\/wp-content\/uploads\/2024\/03\/pexels-karolina-grabowska-4491459-copy.jpg\" class=\"attachment-full size-full wp-image-4069\" alt=\"\" srcset=\"https:\/\/lavaresi.ch\/wp-content\/uploads\/2024\/03\/pexels-karolina-grabowska-4491459-copy.jpg 1000w, https:\/\/lavaresi.ch\/wp-content\/uploads\/2024\/03\/pexels-karolina-grabowska-4491459-copy-300x200.jpg 300w, https:\/\/lavaresi.ch\/wp-content\/uploads\/2024\/03\/pexels-karolina-grabowska-4491459-copy-768x512.jpg 768w\" sizes=\"(max-width: 1000px) 100vw, 1000px\" \/>\t\t\t\t\t\t\t\t\t\t\t\t\t\t\t<\/div>\n\t\t\t\t<\/div>\n\t\t\t\t<\/div>\n\t\t\t\t\t<\/div>\n\t\t\t\t<\/div>\n\t\t\t\t<\/div>\n\t\t","protected":false},"excerpt":{"rendered":"<p>Inscription Architectes Architecte Vous \u00eates en train de planifier la construction d&rsquo;un immeuble d&rsquo;habitation ? Planifiez-vous la transformation d&rsquo;un immeuble d&rsquo;habitation plus ancien ? Vous pr\u00e9parez les documents d&rsquo;appel d&rsquo;offres ? Ou vous voulez tout simplement savoir pourquoi votre ma\u00eetre d&rsquo;ouvrage peut introduire une solution de lavage moderne et \u00e9cologique avec Lavaresi ? Dans ce [&hellip;]<\/p>\n","protected":false},"author":1,"featured_media":0,"parent":0,"menu_order":0,"comment_status":"closed","ping_status":"closed","template":"elementor_header_footer","meta":{"footnotes":""},"class_list":["post-4096","page","type-page","status-publish","hentry"],"_links":{"self":[{"href":"https:\/\/lavaresi.ch\/fr\/wp-json\/wp\/v2\/pages\/4096","targetHints":{"allow":["GET"]}}],"collection":[{"href":"https:\/\/lavaresi.ch\/fr\/wp-json\/wp\/v2\/pages"}],"about":[{"href":"https:\/\/lavaresi.ch\/fr\/wp-json\/wp\/v2\/types\/page"}],"author":[{"embeddable":true,"href":"https:\/\/lavaresi.ch\/fr\/wp-json\/wp\/v2\/users\/1"}],"replies":[{"embeddable":true,"href":"https:\/\/lavaresi.ch\/fr\/wp-json\/wp\/v2\/comments?post=4096"}],"version-history":[{"count":1,"href":"https:\/\/lavaresi.ch\/fr\/wp-json\/wp\/v2\/pages\/4096\/revisions"}],"predecessor-version":[{"id":4097,"href":"https:\/\/lavaresi.ch\/fr\/wp-json\/wp\/v2\/pages\/4096\/revisions\/4097"}],"wp:attachment":[{"href":"https:\/\/lavaresi.ch\/fr\/wp-json\/wp\/v2\/media?parent=4096"}],"curies":[{"name":"wp","href":"https:\/\/api.w.org\/{rel}","templated":true}]}}