{"id":4102,"date":"2024-05-21T14:53:02","date_gmt":"2024-05-21T14:53:02","guid":{"rendered":"https:\/\/lavaresi.ch\/registration-locataire-et-locataire-lead\/"},"modified":"2025-11-06T13:44:07","modified_gmt":"2025-11-06T13:44:07","slug":"registration-locataire-et-locataire-lead","status":"publish","type":"page","link":"https:\/\/lavaresi.ch\/fr\/registration-locataire-et-locataire-lead\/","title":{"rendered":"Registration Locataire et locataire Lead"},"content":{"rendered":"\t\t<div data-elementor-type=\"wp-page\" data-elementor-id=\"4102\" class=\"elementor elementor-4102 elementor-2922\" data-elementor-post-type=\"page\">\n\t\t\t\t<div class=\"elementor-element elementor-element-2f628168 e-flex e-con-boxed e-con e-parent\" data-id=\"2f628168\" data-element_type=\"container\" data-settings=\"{&quot;background_background&quot;:&quot;gradient&quot;,&quot;shape_divider_bottom&quot;:&quot;waves&quot;}\">\n\t\t\t\t\t<div class=\"e-con-inner\">\n\t\t\t\t<div class=\"elementor-shape elementor-shape-bottom\" aria-hidden=\"true\" data-negative=\"false\">\n\t\t\t<svg xmlns=\"http:\/\/www.w3.org\/2000\/svg\" viewBox=\"0 0 1000 100\" preserveAspectRatio=\"none\">\n\t<path class=\"elementor-shape-fill\" d=\"M421.9,6.5c22.6-2.5,51.5,0.4,75.5,5.3c23.6,4.9,70.9,23.5,100.5,35.7c75.8,32.2,133.7,44.5,192.6,49.7\n\tc23.6,2.1,48.7,3.5,103.4-2.5c54.7-6,106.2-25.6,106.2-25.6V0H0v30.3c0,0,72,32.6,158.4,30.5c39.2-0.7,92.8-6.7,134-22.4\n\tc21.2-8.1,52.2-18.2,79.7-24.2C399.3,7.9,411.6,7.5,421.9,6.5z\"\/>\n<\/svg>\t\t<\/div>\n\t\t\t\t<div class=\"elementor-element elementor-element-22d8c0c1 elementor-widget elementor-widget-heading\" data-id=\"22d8c0c1\" data-element_type=\"widget\" data-widget_type=\"heading.default\">\n\t\t\t\t<div class=\"elementor-widget-container\">\n\t\t\t\t\t<h1 class=\"elementor-heading-title elementor-size-default\">Registration Fin de location<\/h1>\t\t\t\t<\/div>\n\t\t\t\t<\/div>\n\t\t\t\t\t<\/div>\n\t\t\t\t<\/div>\n\t\t<div class=\"elementor-element elementor-element-30dcb83d e-flex e-con-boxed e-con e-parent\" data-id=\"30dcb83d\" data-element_type=\"container\" data-settings=\"{&quot;background_background&quot;:&quot;classic&quot;}\">\n\t\t\t\t\t<div class=\"e-con-inner\">\n\t\t<div class=\"elementor-element elementor-element-449eaadf e-con-full e-flex e-con e-child\" data-id=\"449eaadf\" data-element_type=\"container\">\n\t\t\t\t<div class=\"elementor-element elementor-element-67bd4b8d elementor-widget elementor-widget-heading\" data-id=\"67bd4b8d\" data-element_type=\"widget\" data-widget_type=\"heading.default\">\n\t\t\t\t<div class=\"elementor-widget-container\">\n\t\t\t\t\t<h2 class=\"elementor-heading-title elementor-size-default\">Registration Fin de location - Raconte-nous ton histoire !<\/h2>\t\t\t\t<\/div>\n\t\t\t\t<\/div>\n\t\t\t\t<div class=\"elementor-element elementor-element-1d4118d elementor-widget elementor-widget-text-editor\" data-id=\"1d4118d\" data-element_type=\"widget\" data-widget_type=\"text-editor.default\">\n\t\t\t\t<div class=\"elementor-widget-container\">\n\t\t\t\t\t\t\t\t\t<p>Comment cela se passe-t-il dans ton immeuble ?<\/p><p>Partage ton histoire avec nous et, si possible, envoye-nous les coordonn\u00e9es du propri\u00e9taire ou de l&rsquo;agence immobili\u00e8re concern\u00e9e. <\/p><p>Nous prendrons alors contact avec les responsables.  <\/p><p>Merci beaucoup.  <\/p>\t\t\t\t\t\t\t\t<\/div>\n\t\t\t\t<\/div>\n\t\t\t\t<div class=\"elementor-element elementor-element-88d7587 elementor-widget elementor-widget-shortcode\" data-id=\"88d7587\" data-element_type=\"widget\" data-widget_type=\"shortcode.default\">\n\t\t\t\t<div class=\"elementor-widget-container\">\n\t\t\t\t\t\t\t<div class=\"elementor-shortcode\"><\/div>\n\t\t\t\t\t\t<\/div>\n\t\t\t\t<\/div>\n\t\t\t\t<\/div>\n\t\t<div class=\"elementor-element elementor-element-77241254 e-con-full e-flex e-con e-child\" data-id=\"77241254\" data-element_type=\"container\">\n\t\t\t\t<div class=\"elementor-element elementor-element-4244dd6 elementor-widget elementor-widget-image\" data-id=\"4244dd6\" data-element_type=\"widget\" data-settings=\"{&quot;motion_fx_motion_fx_scrolling&quot;:&quot;yes&quot;,&quot;motion_fx_translateY_effect&quot;:&quot;yes&quot;,&quot;motion_fx_translateY_speed&quot;:{&quot;unit&quot;:&quot;px&quot;,&quot;size&quot;:&quot;1&quot;,&quot;sizes&quot;:[]},&quot;motion_fx_translateY_affectedRange&quot;:{&quot;unit&quot;:&quot;%&quot;,&quot;size&quot;:&quot;&quot;,&quot;sizes&quot;:{&quot;start&quot;:0,&quot;end&quot;:100}},&quot;motion_fx_devices&quot;:[&quot;desktop&quot;,&quot;tablet&quot;,&quot;mobile&quot;]}\" data-widget_type=\"image.default\">\n\t\t\t\t<div class=\"elementor-widget-container\">\n\t\t\t\t\t\t\t\t\t\t\t\t\t\t\t<img fetchpriority=\"high\" decoding=\"async\" width=\"1200\" height=\"800\" src=\"https:\/\/lavaresi.ch\/wp-content\/uploads\/2024\/02\/iStock-1363990291.jpg\" class=\"attachment-full size-full wp-image-4065\" alt=\"\" srcset=\"https:\/\/lavaresi.ch\/wp-content\/uploads\/2024\/02\/iStock-1363990291.jpg 1200w, https:\/\/lavaresi.ch\/wp-content\/uploads\/2024\/02\/iStock-1363990291-300x200.jpg 300w, https:\/\/lavaresi.ch\/wp-content\/uploads\/2024\/02\/iStock-1363990291-1024x683.jpg 1024w, https:\/\/lavaresi.ch\/wp-content\/uploads\/2024\/02\/iStock-1363990291-768x512.jpg 768w\" sizes=\"(max-width: 1200px) 100vw, 1200px\" \/>\t\t\t\t\t\t\t\t\t\t\t\t\t\t\t<\/div>\n\t\t\t\t<\/div>\n\t\t\t\t<\/div>\n\t\t\t\t\t<\/div>\n\t\t\t\t<\/div>\n\t\t\t\t<\/div>\n\t\t","protected":false},"excerpt":{"rendered":"<p>Registration Fin de location Registration Fin de location &#8211; Raconte-nous ton histoire ! Comment cela se passe-t-il dans ton immeuble ? Partage ton histoire avec nous et, si possible, envoye-nous les coordonn\u00e9es du propri\u00e9taire ou de l&rsquo;agence immobili\u00e8re concern\u00e9e. Nous prendrons alors contact avec les responsables. Merci beaucoup.<\/p>\n","protected":false},"author":1,"featured_media":0,"parent":0,"menu_order":0,"comment_status":"closed","ping_status":"closed","template":"elementor_header_footer","meta":{"footnotes":""},"class_list":["post-4102","page","type-page","status-publish","hentry"],"_links":{"self":[{"href":"https:\/\/lavaresi.ch\/fr\/wp-json\/wp\/v2\/pages\/4102","targetHints":{"allow":["GET"]}}],"collection":[{"href":"https:\/\/lavaresi.ch\/fr\/wp-json\/wp\/v2\/pages"}],"about":[{"href":"https:\/\/lavaresi.ch\/fr\/wp-json\/wp\/v2\/types\/page"}],"author":[{"embeddable":true,"href":"https:\/\/lavaresi.ch\/fr\/wp-json\/wp\/v2\/users\/1"}],"replies":[{"embeddable":true,"href":"https:\/\/lavaresi.ch\/fr\/wp-json\/wp\/v2\/comments?post=4102"}],"version-history":[{"count":1,"href":"https:\/\/lavaresi.ch\/fr\/wp-json\/wp\/v2\/pages\/4102\/revisions"}],"predecessor-version":[{"id":4103,"href":"https:\/\/lavaresi.ch\/fr\/wp-json\/wp\/v2\/pages\/4102\/revisions\/4103"}],"wp:attachment":[{"href":"https:\/\/lavaresi.ch\/fr\/wp-json\/wp\/v2\/media?parent=4102"}],"curies":[{"name":"wp","href":"https:\/\/api.w.org\/{rel}","templated":true}]}}